{"id":991,"date":"2015-07-27T02:26:08","date_gmt":"2015-07-27T02:26:08","guid":{"rendered":"http:\/\/www.adcap.org.br\/v2\/?page_id=991"},"modified":"2025-01-30T18:09:37","modified_gmt":"2025-01-30T18:09:37","slug":"associe-se","status":"publish","type":"page","link":"https:\/\/adcap.org.br\/index.php\/associe-se\/","title":{"rendered":"Associe-se"},"content":{"rendered":"<h1><strong>Clique para baixar os arquivos<\/strong><\/h1>\n<p><a href=\"https:\/\/associado.adcap.org.br\/app\/#\/filiacao\"><span style=\"color: #000080;\"><strong>1- Formul\u00e1rio de Inscri\u00e7\u00e3o<\/strong><\/span><\/a><br \/>\n<span style=\"color: #000080;\"><strong><a style=\"color: #000080;\" href=\"https:\/\/adcap.org.br\/wp-content\/uploads\/Formulario-de-Cancelamento-adcap.pdf\">2 &#8211; Formul\u00e1rio de Cancelamento ADCAP<\/a><\/strong><\/span><br \/>\n<a href=\"https:\/\/adcap.org.br\/wp-content\/uploads\/Formulario-de-Cancelamento-Seguro-2022-1.pdf\"><span style=\"color: #000080;\"><strong>3 &#8211; Formul\u00e1rio de Cancelamento Seguro Fam\u00edlia<\/strong><\/span><\/a><\/p>\n<p><strong>Orienta\u00e7\u00f5es:<\/strong> Para filiar-se, clique em <strong>1 &#8211; Formul\u00e1rio de Inscri\u00e7\u00e3o<\/strong> para baixar o arquivo, preencher e enviar no <a href=\"mailto:cadastro@adcap.org.br\">cadastro@adcap.org.br<\/a><\/p>\n<p>O mesmo procedimento poder\u00e1 ser repetido aos demais formul\u00e1rios.<\/p>\n<p>&nbsp;<\/p>\n<p>&nbsp;<\/p>\n<h1 style=\"text-align: center;\">DO ESTATUTO<\/h1>\n<p style=\"text-align: justify;\"><b>CAP\u00cdTULO II<\/b><\/p>\n<p><strong>Dos Associados<\/strong><\/p>\n<p><strong>Art. 4<\/strong> &#8211; A ADCAP manter\u00e1 as seguintes categorias de associados:<\/p>\n<p><strong>I<\/strong> \u2013 <strong>Fundadores<\/strong>: aqueles que assinaram a ata de sua funda\u00e7\u00e3o em 20\/12\/1986, bem como, aqueles que constitu\u00edram a primeira Diretoria Executiva e o primeiro Conselho Fiscal;<\/p>\n<p><strong>II<\/strong> \u2013 <strong>Efetivos<\/strong><\/p>\n<p><strong>a)<\/strong> profissionais do quadro de pessoal da ECT, em atividade;<br \/>\n<strong>b)<\/strong> aposentados que integraram o quadro de pessoal da ECT;<strong>\u00a0<\/strong><\/p>\n<p><strong>III \u2013 Vinculados<\/strong><\/p>\n<p><strong>a)<\/strong> ex-empregados da ECT, n\u00e3o enquadrados no inciso II deste artigo; e<br \/>\n<strong>b)<\/strong> assistidos que recebem pelo Postalis ou benefici\u00e1rios vinculados \u00e0 Postal Sa\u00fade.<\/p>\n<p><strong>IV <\/strong>\u2013<strong> Externos<\/strong><\/p>\n<p><strong>a) <\/strong>parentes em at\u00e9 terceiro grau de associados da ADCAP;<br \/>\n<strong>b)<\/strong> empregados e aposentados do Postalis; e<br \/>\n<strong>c)<\/strong> empregados e aposentados da Postal Sa\u00fade<\/p>\n<p><strong>V<\/strong> \u2013 <strong>Benem\u00e9ritos:<\/strong> associados merecedores desta distin\u00e7\u00e3o, pelos relevantes servi\u00e7os prestados \u00e0 ADCAP ou \u00e0s causas por ela encampadas; e,<\/p>\n<p><strong>VI <\/strong>\u2013 <strong>Honor\u00e1rios<\/strong>: pessoas de reconhecido m\u00e9rito que tenham prestado relevantes servi\u00e7os \u00e0 ADCAP ou \u00e0s causas por ela encampadas.<\/p>\n<p><strong>Par\u00e1grafo 1\u00b0 &#8211;<\/strong> Os associados fundadores t\u00eam os mesmos direitos e obriga\u00e7\u00f5es dos associados efetivos.<\/p>\n<p><strong>Par\u00e1grafo 2\u00b0<\/strong> &#8211; Os associados fundadores e efetivos que adquirirem a condi\u00e7\u00e3o de benem\u00e9ritos continuar\u00e3o a ter todos os direitos e deveres inerentes \u00e0 sua categoria de origem, exceto o pagamento das contribui\u00e7\u00f5es sociais.<\/p>\n<p><strong>Par\u00e1grafo 3\u00b0.-<\/strong> Os t\u00edtulos de Associado Benem\u00e9rito e de Associado Honor\u00e1rio ser\u00e3o conferidos pela Assembleia Geral, mediante proposta do Conselho Nacional.<\/p>\n<p><strong>Art. 5 <\/strong>&#8211; A admiss\u00e3o ao quadro social de associado efetivo, vinculado e externo ser\u00e1 feita mediante proposta assinada pelo candidato. A proposta ser\u00e1 submetida ao corpo diretivo do N\u00facleo Regional, que deliberar\u00e1, em 1\u00aa inst\u00e2ncia, sobre a aceita\u00e7\u00e3o da proposta, e a submeter\u00e1 \u00e0 Diretoria Executiva Nacional, para delibera\u00e7\u00e3o em 2\u00aa inst\u00e2ncia e, em caso de aprova\u00e7\u00e3o, para a realiza\u00e7\u00e3o dos registros cadastrais.<\/p>\n<p><strong>Par\u00e1grafo \u00danico<\/strong> &#8211; O candidato que tiver sua proposta recusada poder\u00e1 reapresent\u00e1-la ainda uma vez. O Conselho Nacional apreciar\u00e1 a proposta, tomando sua decis\u00e3o, em car\u00e1ter definitivo, por maioria simples de seus membros.<\/p>\n<p><strong>Art.6 <\/strong>&#8211; A exclus\u00e3o do Quadro Social far-se-\u00e1:<\/p>\n<p><strong>I<\/strong> \u2013 a requerimento do associado;<\/p>\n<p><strong>II<\/strong> &#8211; por falta de pagamento de 03 (tr\u00eas) mensalidades, consecutivas ou alternadas, no per\u00edodo de doze meses, ap\u00f3s notifica\u00e7\u00e3o da associa\u00e7\u00e3o;<\/p>\n<p><strong>III <\/strong>&#8211; por pr\u00e1tica de atos que firam os interesses, normas, objetivos ou finalidades da Associa\u00e7\u00e3o, ap\u00f3s processo administrativo que assegure ao interessado oportunidade de ampla defesa e contradit\u00f3rio, em apura\u00e7\u00e3o conduzida pela Comiss\u00e3o de \u00c9tica, cabendo recurso ao Conselho Nacional, se n\u00e3o provido, em primeira inst\u00e2ncia, pela Diretoria Executiva.<\/p>\n","protected":false},"excerpt":{"rendered":"<p>Clique para baixar os arquivos 1- Formul\u00e1rio de Inscri\u00e7\u00e3o 2 &#8211; Formul\u00e1rio de Cancelamento ADCAP 3 &#8211; Formul\u00e1rio de Cancelamento Seguro Fam\u00edlia Orienta\u00e7\u00f5es: Para filiar-se, clique em 1 &#8211; Formul\u00e1rio&hellip;<\/p>\n","protected":false},"author":1,"featured_media":0,"parent":0,"menu_order":0,"comment_status":"closed","ping_status":"closed","template":"","meta":{"_editorskit_title_hidden":false,"_editorskit_reading_time":0,"_editorskit_is_block_options_detached":false,"_editorskit_block_options_position":"{}","footnotes":""},"aioseo_notices":[],"_links":{"self":[{"href":"https:\/\/adcap.org.br\/index.php\/wp-json\/wp\/v2\/pages\/991"}],"collection":[{"href":"https:\/\/adcap.org.br\/index.php\/wp-json\/wp\/v2\/pages"}],"about":[{"href":"https:\/\/adcap.org.br\/index.php\/wp-json\/wp\/v2\/types\/page"}],"author":[{"embeddable":true,"href":"https:\/\/adcap.org.br\/index.php\/wp-json\/wp\/v2\/users\/1"}],"replies":[{"embeddable":true,"href":"https:\/\/adcap.org.br\/index.php\/wp-json\/wp\/v2\/comments?post=991"}],"version-history":[{"count":0,"href":"https:\/\/adcap.org.br\/index.php\/wp-json\/wp\/v2\/pages\/991\/revisions"}],"wp:attachment":[{"href":"https:\/\/adcap.org.br\/index.php\/wp-json\/wp\/v2\/media?parent=991"}],"curies":[{"name":"wp","href":"https:\/\/api.w.org\/{rel}","templated":true}]}}